{"id":7400,"date":"2016-05-10T03:48:21","date_gmt":"2016-05-10T03:48:21","guid":{"rendered":"https:\/\/zeitschild.de\/impressum\/"},"modified":"2016-05-10T03:48:21","modified_gmt":"2016-05-10T03:48:21","slug":"impressum","status":"publish","type":"page","link":"https:\/\/zeitschild.de\/en\/impressum\/","title":{"rendered":"Impressum"},"content":{"rendered":"<div class=\"wpb-content-wrapper\">[vc_row thb_divider_position=&#8221;bottom&#8221;][vc_column][vc_empty_space mobile_height=&#8221;10px&#8221; height=&#8221;86px&#8221;][\/vc_column][\/vc_row][vc_row thb_divider_position=&#8221;bottom&#8221;][vc_column width=&#8221;1\/2&#8243;][vc_column_text]<strong>Angaben gem\u00e4ss \u00a7 5 TMG<\/strong><br \/>\nZeitschild GmbH<br \/>\nWalter-Frese-Stra\u00dfe, 17<br \/>\nD-42799 Leichlingen<\/p>\n<p><strong>Vertreten durch:<\/strong><br \/>\nHermann Mintel<br \/>\nMartina Kaiser-Mintel<\/p>\n<p><strong>Kontakt:<\/strong><br \/>\nTelefon: +49 (0) 2175 &#8211; 8 89 47 77<br \/>\nTelefax: +49 (0) 2175 &#8211; 8 89 47 40<br \/>\nE-Mail: info@zeitschild.com[\/vc_column_text][\/vc_column][vc_column width=&#8221;1\/2&#8243;][vc_column_text]<strong>Registereintrag:<\/strong><br \/>\nEintragung im Handelsregister.<br \/>\nRegistergericht:Amtsgericht K\u00f6ln<br \/>\nRegisternummer: HRB 99455<\/p>\n<p><strong>Umsatzsteuer-ID:<\/strong><br \/>\nUmsatzsteuer-Identifikationsnummer gem\u00e4\u00df \u00a727 a Umsatzsteuergesetz:<br \/>\nDE327140883<\/p>\n<p><strong>Verantwortlich f\u00fcr den Inhalt nach \u00a7 55 Abs. 2 RStV<\/strong><br \/>\nMartina Kaiser-Mintel<br \/>\nWalter-Frese-Stra\u00dfe, 17<br \/>\nD-42799 Leichlingen[\/vc_column_text][\/vc_column][\/vc_row][vc_row thb_divider_position=&#8221;bottom&#8221;][vc_column][vc_column_text]\n<h3>Streitschlichtung<\/h3>\n<p style=\"text-align: justify;\">Die Europ\u00e4ische Kommission stellt eine Plattform zur Online-Streitbeilegung (OS) bereit: <a href=\"https:\/\/ec.europa.eu\/consumers\/odr\" target=\"_blank\" rel=\"noopener noreferrer\">https:\/\/ec.europa.eu\/consumers\/odr<\/a>.<br \/>\nUnsere E-Mail-Adresse finden Sie oben im Impressum.<\/p>\n<p style=\"text-align: justify;\">Wir sind nicht bereit oder verpflichtet, an Streitbeilegungsverfahren vor einer Verbraucherschlichtungsstelle teilzunehmen.<\/p>\n<h3>Haftung f\u00fcr Inhalte<\/h3>\n<p style=\"text-align: justify;\">Als Diensteanbieter sind wir gem\u00e4\u00df \u00a7 7 Abs.1 TMG f\u00fcr eigene Inhalte auf diesen Seiten nach den allgemeinen Gesetzen verantwortlich. Nach \u00a7\u00a7 8 bis 10 TMG sind wir als Diensteanbieter jedoch nicht verpflichtet, \u00fcbermittelte oder gespeicherte fremde Informationen zu \u00fcberwachen oder nach Umst\u00e4nden zu forschen, die auf eine rechtswidrige T\u00e4tigkeit hinweisen.<\/p>\n<p style=\"text-align: justify;\">Verpflichtungen zur Entfernung oder Sperrung der Nutzung von Informationen nach den allgemeinen Gesetzen bleiben hiervon unber\u00fchrt. Eine diesbez\u00fcgliche Haftung ist jedoch erst ab dem Zeitpunkt der Kenntnis einer konkreten Rechtsverletzung m\u00f6glich. Bei Bekanntwerden von entsprechenden Rechtsverletzungen werden wir diese Inhalte umgehend entfernen.<\/p>\n<h3>Haftung f\u00fcr Links<\/h3>\n<p style=\"text-align: justify;\">Unser Angebot enth\u00e4lt Links zu externen Websites Dritter, auf deren Inhalte wir keinen Einfluss haben. Deshalb k\u00f6nnen wir f\u00fcr diese fremden Inhalte auch keine Gew\u00e4hr \u00fcbernehmen. F\u00fcr die Inhalte der verlinkten Seiten ist stets der jeweilige Anbieter oder Betreiber der Seiten verantwortlich. Die verlinkten Seiten wurden zum Zeitpunkt der Verlinkung auf m\u00f6gliche Rechtsverst\u00f6\u00dfe \u00fcberpr\u00fcft. Rechtswidrige Inhalte waren zum Zeitpunkt der Verlinkung nicht erkennbar.<\/p>\n<p style=\"text-align: justify;\">Eine permanente inhaltliche Kontrolle der verlinkten Seiten ist jedoch ohne konkrete Anhaltspunkte einer Rechtsverletzung nicht zumutbar. Bei Bekanntwerden von Rechtsverletzungen werden wir derartige Links umgehend entfernen.<\/p>\n<h3>Urheberrecht<\/h3>\n<p style=\"text-align: justify;\">Die durch die Seitenbetreiber erstellten Inhalte und Werke auf diesen Seiten unterliegen dem deutschen Urheberrecht. Die Vervielf\u00e4ltigung, Bearbeitung, Verbreitung und jede Art der Verwertung au\u00dferhalb der Grenzen des Urheberrechtes bed\u00fcrfen der schriftlichen Zustimmung des jeweiligen Autors bzw. Erstellers. Downloads und Kopien dieser Seite sind nur f\u00fcr den privaten, nicht kommerziellen Gebrauch gestattet.<\/p>\n<p style=\"text-align: justify;\">Soweit die Inhalte auf dieser Seite nicht vom Betreiber erstellt wurden, werden die Urheberrechte Dritter beachtet. Insbesondere werden Inhalte Dritter als solche gekennzeichnet. Sollten Sie trotzdem auf eine Urheberrechtsverletzung aufmerksam werden, bitten wir um einen entsprechenden Hinweis. Bei Bekanntwerden von Rechtsverletzungen werden wir derartige Inhalte umgehend entfernen.<\/p>\n[\/vc_column_text][\/vc_column][\/vc_row]\n<\/div>","protected":false},"excerpt":{"rendered":"<p>[vc_row thb_divider_position=&#8221;bottom&#8221;][vc_column][vc_empty_space mobile_height=&#8221;10px&#8221; height=&#8221;86px&#8221;][\/vc_column][\/vc_row][vc_row thb_divider_position=&#8221;bottom&#8221;][vc_column width=&#8221;1\/2&#8243;][vc_column_text]Angaben gem\u00e4ss \u00a7 5 TMG Zeitschild GmbH Walter-Frese-Stra\u00dfe, 17 D-42799 Leichlingen Vertreten durch: Hermann Mintel Martina Kaiser-Mintel Kontakt: Telefon: +49 (0) 2175 &#8211; 8 89 47 77 Telefax: +49 (0) 2175 &#8211; 8 89 47 40 E-Mail: info@zeitschild.com[\/vc_column_text][\/vc_column][vc_column width=&#8221;1\/2&#8243;][vc_column_text]Registereintrag: Eintragung im Handelsregister. Registergericht:Amtsgericht K\u00f6ln Registernummer: HRB 99455 Umsatzsteuer-ID: Umsatzsteuer-Identifikationsnummer gem\u00e4\u00df&hellip;<\/p>\n","protected":false},"author":1,"featured_media":0,"parent":0,"menu_order":0,"comment_status":"closed","ping_status":"open","template":"page-default.php","meta":{"footnotes":""},"class_list":["post-7400","page","type-page","status-publish","hentry"],"yoast_head":"<!-- This site is optimized with the Yoast SEO plugin v27.3 - https:\/\/yoast.com\/product\/yoast-seo-wordpress\/ -->\n<title>Impressum - Zeitschild<\/title>\n<meta name=\"robots\" content=\"index, follow, max-snippet:-1, max-image-preview:large, max-video-preview:-1\" \/>\n<link rel=\"canonical\" href=\"https:\/\/zeitschild.de\/en\/impressum\/\" \/>\n<meta property=\"og:locale\" content=\"en_US\" \/>\n<meta property=\"og:type\" content=\"article\" \/>\n<meta property=\"og:title\" content=\"Impressum - Zeitschild\" \/>\n<meta property=\"og:description\" content=\"[vc_row thb_divider_position=&#8221;bottom&#8221;][vc_column][vc_empty_space mobile_height=&#8221;10px&#8221; height=&#8221;86px&#8221;][\/vc_column][\/vc_row][vc_row thb_divider_position=&#8221;bottom&#8221;][vc_column width=&#8221;1\/2&#8243;][vc_column_text]Angaben gem\u00e4ss \u00a7 5 TMG Zeitschild GmbH Walter-Frese-Stra\u00dfe, 17 D-42799 Leichlingen Vertreten durch: Hermann Mintel Martina Kaiser-Mintel Kontakt: Telefon: +49 (0) 2175 &#8211; 8 89 47 77 Telefax: +49 (0) 2175 &#8211; 8 89 47 40 E-Mail: info@zeitschild.com[\/vc_column_text][\/vc_column][vc_column width=&#8221;1\/2&#8243;][vc_column_text]Registereintrag: Eintragung im Handelsregister. Registergericht:Amtsgericht K\u00f6ln Registernummer: HRB 99455 Umsatzsteuer-ID: Umsatzsteuer-Identifikationsnummer gem\u00e4\u00df&hellip;\" \/>\n<meta property=\"og:url\" content=\"https:\/\/zeitschild.de\/en\/impressum\/\" \/>\n<meta property=\"og:site_name\" content=\"Zeitschild\" \/>\n<meta property=\"article:publisher\" content=\"https:\/\/www.facebook.com\/zeitschild\/\" \/>\n<meta name=\"twitter:card\" content=\"summary_large_image\" \/>\n<meta name=\"twitter:label1\" content=\"Est. reading time\" \/>\n\t<meta name=\"twitter:data1\" content=\"2 minutes\" \/>\n<script type=\"application\/ld+json\" class=\"yoast-schema-graph\">{\"@context\":\"https:\\\/\\\/schema.org\",\"@graph\":[{\"@type\":\"WebPage\",\"@id\":\"https:\\\/\\\/zeitschild.de\\\/en\\\/impressum\\\/\",\"url\":\"https:\\\/\\\/zeitschild.de\\\/en\\\/impressum\\\/\",\"name\":\"Impressum - Zeitschild\",\"isPartOf\":{\"@id\":\"https:\\\/\\\/zeitschild.de\\\/en\\\/#website\"},\"datePublished\":\"2016-05-10T03:48:21+00:00\",\"breadcrumb\":{\"@id\":\"https:\\\/\\\/zeitschild.de\\\/en\\\/impressum\\\/#breadcrumb\"},\"inLanguage\":\"en-US\",\"potentialAction\":[{\"@type\":\"ReadAction\",\"target\":[\"https:\\\/\\\/zeitschild.de\\\/en\\\/impressum\\\/\"]}]},{\"@type\":\"BreadcrumbList\",\"@id\":\"https:\\\/\\\/zeitschild.de\\\/en\\\/impressum\\\/#breadcrumb\",\"itemListElement\":[{\"@type\":\"ListItem\",\"position\":1,\"name\":\"Startseite\",\"item\":\"https:\\\/\\\/zeitschild.de\\\/en\\\/\"},{\"@type\":\"ListItem\",\"position\":2,\"name\":\"Impressum\"}]},{\"@type\":\"WebSite\",\"@id\":\"https:\\\/\\\/zeitschild.de\\\/en\\\/#website\",\"url\":\"https:\\\/\\\/zeitschild.de\\\/en\\\/\",\"name\":\"Zeitschild GmbH\",\"description\":\"Hautpflege | Gesichtspflege | Tagescreme | Nachtcreme\",\"publisher\":{\"@id\":\"https:\\\/\\\/zeitschild.de\\\/en\\\/#organization\"},\"potentialAction\":[{\"@type\":\"SearchAction\",\"target\":{\"@type\":\"EntryPoint\",\"urlTemplate\":\"https:\\\/\\\/zeitschild.de\\\/en\\\/?s={search_term_string}\"},\"query-input\":{\"@type\":\"PropertyValueSpecification\",\"valueRequired\":true,\"valueName\":\"search_term_string\"}}],\"inLanguage\":\"en-US\"},{\"@type\":\"Organization\",\"@id\":\"https:\\\/\\\/zeitschild.de\\\/en\\\/#organization\",\"name\":\"Zeitschild GmbH\",\"url\":\"https:\\\/\\\/zeitschild.de\\\/en\\\/\",\"logo\":{\"@type\":\"ImageObject\",\"inLanguage\":\"en-US\",\"@id\":\"https:\\\/\\\/zeitschild.de\\\/en\\\/#\\\/schema\\\/logo\\\/image\\\/\",\"url\":\"https:\\\/\\\/zeitschild.de\\\/wp-content\\\/uploads\\\/2019\\\/09\\\/Logo_Zeitschild_3c72.png\",\"contentUrl\":\"https:\\\/\\\/zeitschild.de\\\/wp-content\\\/uploads\\\/2019\\\/09\\\/Logo_Zeitschild_3c72.png\",\"width\":212,\"height\":45,\"caption\":\"Zeitschild GmbH\"},\"image\":{\"@id\":\"https:\\\/\\\/zeitschild.de\\\/en\\\/#\\\/schema\\\/logo\\\/image\\\/\"},\"sameAs\":[\"https:\\\/\\\/www.facebook.com\\\/zeitschild\\\/\",\"https:\\\/\\\/www.instagram.com\\\/zeitschild\\\/\",\"https:\\\/\\\/www.youtube.com\\\/channel\\\/UCMyKYFDf3bbeF_ozJ1UXpbw\"]}]}<\/script>\n<!-- \/ Yoast SEO plugin. -->","yoast_head_json":{"title":"Impressum - Zeitschild","robots":{"index":"index","follow":"follow","max-snippet":"max-snippet:-1","max-image-preview":"max-image-preview:large","max-video-preview":"max-video-preview:-1"},"canonical":"https:\/\/zeitschild.de\/en\/impressum\/","og_locale":"en_US","og_type":"article","og_title":"Impressum - Zeitschild","og_description":"[vc_row thb_divider_position=&#8221;bottom&#8221;][vc_column][vc_empty_space mobile_height=&#8221;10px&#8221; height=&#8221;86px&#8221;][\/vc_column][\/vc_row][vc_row thb_divider_position=&#8221;bottom&#8221;][vc_column width=&#8221;1\/2&#8243;][vc_column_text]Angaben gem\u00e4ss \u00a7 5 TMG Zeitschild GmbH Walter-Frese-Stra\u00dfe, 17 D-42799 Leichlingen Vertreten durch: Hermann Mintel Martina Kaiser-Mintel Kontakt: Telefon: +49 (0) 2175 &#8211; 8 89 47 77 Telefax: +49 (0) 2175 &#8211; 8 89 47 40 E-Mail: info@zeitschild.com[\/vc_column_text][\/vc_column][vc_column width=&#8221;1\/2&#8243;][vc_column_text]Registereintrag: Eintragung im Handelsregister. Registergericht:Amtsgericht K\u00f6ln Registernummer: HRB 99455 Umsatzsteuer-ID: Umsatzsteuer-Identifikationsnummer gem\u00e4\u00df&hellip;","og_url":"https:\/\/zeitschild.de\/en\/impressum\/","og_site_name":"Zeitschild","article_publisher":"https:\/\/www.facebook.com\/zeitschild\/","twitter_card":"summary_large_image","twitter_misc":{"Est. reading time":"2 minutes"},"schema":{"@context":"https:\/\/schema.org","@graph":[{"@type":"WebPage","@id":"https:\/\/zeitschild.de\/en\/impressum\/","url":"https:\/\/zeitschild.de\/en\/impressum\/","name":"Impressum - Zeitschild","isPartOf":{"@id":"https:\/\/zeitschild.de\/en\/#website"},"datePublished":"2016-05-10T03:48:21+00:00","breadcrumb":{"@id":"https:\/\/zeitschild.de\/en\/impressum\/#breadcrumb"},"inLanguage":"en-US","potentialAction":[{"@type":"ReadAction","target":["https:\/\/zeitschild.de\/en\/impressum\/"]}]},{"@type":"BreadcrumbList","@id":"https:\/\/zeitschild.de\/en\/impressum\/#breadcrumb","itemListElement":[{"@type":"ListItem","position":1,"name":"Startseite","item":"https:\/\/zeitschild.de\/en\/"},{"@type":"ListItem","position":2,"name":"Impressum"}]},{"@type":"WebSite","@id":"https:\/\/zeitschild.de\/en\/#website","url":"https:\/\/zeitschild.de\/en\/","name":"Zeitschild GmbH","description":"Hautpflege | Gesichtspflege | Tagescreme | Nachtcreme","publisher":{"@id":"https:\/\/zeitschild.de\/en\/#organization"},"potentialAction":[{"@type":"SearchAction","target":{"@type":"EntryPoint","urlTemplate":"https:\/\/zeitschild.de\/en\/?s={search_term_string}"},"query-input":{"@type":"PropertyValueSpecification","valueRequired":true,"valueName":"search_term_string"}}],"inLanguage":"en-US"},{"@type":"Organization","@id":"https:\/\/zeitschild.de\/en\/#organization","name":"Zeitschild GmbH","url":"https:\/\/zeitschild.de\/en\/","logo":{"@type":"ImageObject","inLanguage":"en-US","@id":"https:\/\/zeitschild.de\/en\/#\/schema\/logo\/image\/","url":"https:\/\/zeitschild.de\/wp-content\/uploads\/2019\/09\/Logo_Zeitschild_3c72.png","contentUrl":"https:\/\/zeitschild.de\/wp-content\/uploads\/2019\/09\/Logo_Zeitschild_3c72.png","width":212,"height":45,"caption":"Zeitschild GmbH"},"image":{"@id":"https:\/\/zeitschild.de\/en\/#\/schema\/logo\/image\/"},"sameAs":["https:\/\/www.facebook.com\/zeitschild\/","https:\/\/www.instagram.com\/zeitschild\/","https:\/\/www.youtube.com\/channel\/UCMyKYFDf3bbeF_ozJ1UXpbw"]}]}},"_links":{"self":[{"href":"https:\/\/zeitschild.de\/en\/wp-json\/wp\/v2\/pages\/7400","targetHints":{"allow":["GET"]}}],"collection":[{"href":"https:\/\/zeitschild.de\/en\/wp-json\/wp\/v2\/pages"}],"about":[{"href":"https:\/\/zeitschild.de\/en\/wp-json\/wp\/v2\/types\/page"}],"author":[{"embeddable":true,"href":"https:\/\/zeitschild.de\/en\/wp-json\/wp\/v2\/users\/1"}],"replies":[{"embeddable":true,"href":"https:\/\/zeitschild.de\/en\/wp-json\/wp\/v2\/comments?post=7400"}],"version-history":[{"count":0,"href":"https:\/\/zeitschild.de\/en\/wp-json\/wp\/v2\/pages\/7400\/revisions"}],"wp:attachment":[{"href":"https:\/\/zeitschild.de\/en\/wp-json\/wp\/v2\/media?parent=7400"}],"curies":[{"name":"wp","href":"https:\/\/api.w.org\/{rel}","templated":true}]}}