{"id":7404,"date":"2020-11-24T14:09:54","date_gmt":"2020-11-24T13:09:54","guid":{"rendered":"https:\/\/zeitschild.de\/koerperpflege\/"},"modified":"2020-11-24T14:09:54","modified_gmt":"2020-11-24T13:09:54","slug":"koerperpflege","status":"publish","type":"page","link":"https:\/\/zeitschild.de\/en\/koerperpflege\/","title":{"rendered":"K\u00f6rperpflege"},"content":{"rendered":"<div class=\"wpb-content-wrapper\">[vc_row thb_divider_position=&#8221;bottom&#8221;][vc_column][vc_empty_space mobile_height=&#8221;10px&#8221; height=&#8221;86px&#8221;][\/vc_column][\/vc_row][vc_row thb_divider_position=&#8221;bottom&#8221;][vc_column][vc_single_image image=&#8221;6940&#8243; img_size=&#8221;full&#8221; alignment=&#8221;center&#8221; css=&#8221;.vc_custom_1625471827394{margin-top: 15px !important;margin-bottom: 15px !important;}&#8221;][vc_empty_space mobile_height=&#8221;10px&#8221; height=&#8221;40px&#8221;][\/vc_column][\/vc_row][vc_row thb_divider_position=&#8221;bottom&#8221;][vc_column width=&#8221;1\/2&#8243;][vc_custom_heading text=&#8221;K\u00f6rperpflege&#8221; font_container=&#8221;tag:h1|font_size:36px|text_align:left&#8221; use_theme_fonts=&#8221;yes&#8221; el_id=&#8221;ueberschrift_h1&#8243;][vc_column_text]\n<p style=\"text-align: justify;\">Die K\u00f6rperpflege Produkte von Zeitschild Skin Aesthetics lassen keine W\u00fcnsche f\u00fcr sch\u00f6ne und gesunde Haut offen. Insbesondere die Hautpflege f\u00fcr H\u00e4nde, Hals und Dekollet\u00e9 verleihen Ihnen den ganzen Tag ein jugendlich frisches Aussehen. Ihre Haut und Sie zeigen sich von Ihrer besten Seite!<\/p>\n<h2><strong>Besondere K\u00f6rperpflege f\u00fcr Hals, Dekollet\u00e9 &amp; H\u00e4nde<\/strong><\/h2>\n<p style=\"text-align: justify;\">Speziell f\u00fcr normale, aber auch f\u00fcr besonders strapazierte und empfindliche H\u00e4nde haben unsere Wissenschaftler die <a href=\"https:\/\/zeitschild.de\/shop\/zeitschild-skin-aesthetics-sensitive-hand-treatment\/\">Handcreme<\/a> The Sensitive Hand Treatment entwickelt. Sie sorgt f\u00fcr sp\u00fcrbar glattere und geschmeidigere H\u00e4nde &#8211; einfach ein tolles Gef\u00fchl. Das seidige Hand Treatment mit patentierter OLT\u00ae-Technologie hilft, den nat\u00fcrlichen Hautmantel zu sch\u00fctzen und beruhigt selbst die empfindlichsten H\u00e4nde. Sie werden es sp\u00fcren!<\/p>\n[\/vc_column_text][\/vc_column][vc_column width=&#8221;1\/2&#8243;][vc_empty_space mobile_height=&#8221;10px&#8221; height=&#8221;15px&#8221;][vc_column_text]F\u00fcr <a href=\"https:\/\/zeitschild.de\/shop\/zeitschild-skin-aesthetics-hals-dekollete-straffung-cremeserum\/\">Hals und Dekollet\u00e9<\/a> empfehlen wir Ihnen unser Zeitschild Skin Aesthetics Hals &amp; Dekollet\u00e9 Straffung Cremeserum. Der luxuri\u00f6se Wirkstoffkomplex dieses Serums wurde speziell f\u00fcr die sensible Haut entwickelt und ist f\u00fcr alle Hauttypen geeignet. Probieren Sie es aus und lassen Sie sich \u00fcberzeugen. Das sichtbare Ergebnis dieser besonderen K\u00f6rperpflege: Falten wirken gegl\u00e4ttet, das Dekollet\u00e9 und die Halspartie straffer und volumin\u00f6ser. Sorgen Sie mit unserer Pflege f\u00fcr Hals und Dekollet\u00e9 f\u00fcr <a href=\"https:\/\/www.quarks.de\/gesundheit\/wie-viel-hautpflege-ist-richtig\/\">dauerhaft frisches Aussehen<\/a>.<\/p>\n<p>Sollten Sie Fragen zu den K\u00f6rperpflege <a href=\"https:\/\/zeitschild.de\/koerperpflege-produkte\/\">Produkten<\/a> von Zeitschild haben, schauen Sie sich gerne in unserem <a href=\"https:\/\/zeitschild.de\/en\/zeitschild-shop\/\">Shop<\/a> um oder kontaktieren Sie uns direkt. Wir stehen Ihnen gerne zur Verf\u00fcgung.[\/vc_column_text][\/vc_column][\/vc_row]\n<\/div>","protected":false},"excerpt":{"rendered":"<p>[vc_row thb_divider_position=&#8221;bottom&#8221;][vc_column][vc_empty_space mobile_height=&#8221;10px&#8221; height=&#8221;86px&#8221;][\/vc_column][\/vc_row][vc_row thb_divider_position=&#8221;bottom&#8221;][vc_column][vc_single_image image=&#8221;6940&#8243; img_size=&#8221;full&#8221; alignment=&#8221;center&#8221; css=&#8221;.vc_custom_1625471827394{margin-top: 15px !important;margin-bottom: 15px !important;}&#8221;][vc_empty_space mobile_height=&#8221;10px&#8221; height=&#8221;40px&#8221;][\/vc_column][\/vc_row][vc_row thb_divider_position=&#8221;bottom&#8221;][vc_column width=&#8221;1\/2&#8243;][vc_custom_heading text=&#8221;K\u00f6rperpflege&#8221; font_container=&#8221;tag:h1|font_size:36px|text_align:left&#8221; use_theme_fonts=&#8221;yes&#8221; el_id=&#8221;ueberschrift_h1&#8243;][vc_column_text] Die K\u00f6rperpflege Produkte von Zeitschild Skin Aesthetics lassen keine W\u00fcnsche f\u00fcr sch\u00f6ne und gesunde Haut offen. Insbesondere die Hautpflege f\u00fcr H\u00e4nde, Hals und Dekollet\u00e9 verleihen Ihnen den ganzen Tag ein jugendlich frisches Aussehen. Ihre&hellip;<\/p>\n","protected":false},"author":1,"featured_media":0,"parent":0,"menu_order":0,"comment_status":"closed","ping_status":"closed","template":"page-default.php","meta":{"footnotes":""},"class_list":["post-7404","page","type-page","status-publish","hentry"],"yoast_head":"<!-- This site is optimized with the Yoast SEO plugin v27.3 - https:\/\/yoast.com\/product\/yoast-seo-wordpress\/ -->\n<title>K\u00f6rperpflege - Zeitschild<\/title>\n<meta name=\"robots\" content=\"index, follow, max-snippet:-1, max-image-preview:large, max-video-preview:-1\" \/>\n<link rel=\"canonical\" href=\"https:\/\/zeitschild.de\/en\/koerperpflege\/\" \/>\n<meta property=\"og:locale\" content=\"en_US\" \/>\n<meta property=\"og:type\" content=\"article\" \/>\n<meta property=\"og:title\" content=\"K\u00f6rperpflege - Zeitschild\" \/>\n<meta property=\"og:description\" content=\"[vc_row thb_divider_position=&#8221;bottom&#8221;][vc_column][vc_empty_space mobile_height=&#8221;10px&#8221; height=&#8221;86px&#8221;][\/vc_column][\/vc_row][vc_row thb_divider_position=&#8221;bottom&#8221;][vc_column][vc_single_image image=&#8221;6940&#8243; img_size=&#8221;full&#8221; alignment=&#8221;center&#8221; css=&#8221;.vc_custom_1625471827394{margin-top: 15px !important;margin-bottom: 15px !important;}&#8221;][vc_empty_space mobile_height=&#8221;10px&#8221; height=&#8221;40px&#8221;][\/vc_column][\/vc_row][vc_row thb_divider_position=&#8221;bottom&#8221;][vc_column width=&#8221;1\/2&#8243;][vc_custom_heading text=&#8221;K\u00f6rperpflege&#8221; font_container=&#8221;tag:h1|font_size:36px|text_align:left&#8221; use_theme_fonts=&#8221;yes&#8221; el_id=&#8221;ueberschrift_h1&#8243;][vc_column_text] Die K\u00f6rperpflege Produkte von Zeitschild Skin Aesthetics lassen keine W\u00fcnsche f\u00fcr sch\u00f6ne und gesunde Haut offen. Insbesondere die Hautpflege f\u00fcr H\u00e4nde, Hals und Dekollet\u00e9 verleihen Ihnen den ganzen Tag ein jugendlich frisches Aussehen. Ihre&hellip;\" \/>\n<meta property=\"og:url\" content=\"https:\/\/zeitschild.de\/en\/koerperpflege\/\" \/>\n<meta property=\"og:site_name\" content=\"Zeitschild\" \/>\n<meta property=\"article:publisher\" content=\"https:\/\/www.facebook.com\/zeitschild\/\" \/>\n<meta name=\"twitter:card\" content=\"summary_large_image\" \/>\n<meta name=\"twitter:label1\" content=\"Est. reading time\" \/>\n\t<meta name=\"twitter:data1\" content=\"2 minutes\" \/>\n<script type=\"application\/ld+json\" class=\"yoast-schema-graph\">{\"@context\":\"https:\\\/\\\/schema.org\",\"@graph\":[{\"@type\":\"WebPage\",\"@id\":\"https:\\\/\\\/zeitschild.de\\\/en\\\/koerperpflege\\\/\",\"url\":\"https:\\\/\\\/zeitschild.de\\\/en\\\/koerperpflege\\\/\",\"name\":\"K\u00f6rperpflege - Zeitschild\",\"isPartOf\":{\"@id\":\"https:\\\/\\\/zeitschild.de\\\/en\\\/#website\"},\"datePublished\":\"2020-11-24T13:09:54+00:00\",\"breadcrumb\":{\"@id\":\"https:\\\/\\\/zeitschild.de\\\/en\\\/koerperpflege\\\/#breadcrumb\"},\"inLanguage\":\"en-US\",\"potentialAction\":[{\"@type\":\"ReadAction\",\"target\":[\"https:\\\/\\\/zeitschild.de\\\/en\\\/koerperpflege\\\/\"]}]},{\"@type\":\"BreadcrumbList\",\"@id\":\"https:\\\/\\\/zeitschild.de\\\/en\\\/koerperpflege\\\/#breadcrumb\",\"itemListElement\":[{\"@type\":\"ListItem\",\"position\":1,\"name\":\"Startseite\",\"item\":\"https:\\\/\\\/zeitschild.de\\\/en\\\/\"},{\"@type\":\"ListItem\",\"position\":2,\"name\":\"K\u00f6rperpflege\"}]},{\"@type\":\"WebSite\",\"@id\":\"https:\\\/\\\/zeitschild.de\\\/en\\\/#website\",\"url\":\"https:\\\/\\\/zeitschild.de\\\/en\\\/\",\"name\":\"Zeitschild GmbH\",\"description\":\"Hautpflege | Gesichtspflege | Tagescreme | Nachtcreme\",\"publisher\":{\"@id\":\"https:\\\/\\\/zeitschild.de\\\/en\\\/#organization\"},\"potentialAction\":[{\"@type\":\"SearchAction\",\"target\":{\"@type\":\"EntryPoint\",\"urlTemplate\":\"https:\\\/\\\/zeitschild.de\\\/en\\\/?s={search_term_string}\"},\"query-input\":{\"@type\":\"PropertyValueSpecification\",\"valueRequired\":true,\"valueName\":\"search_term_string\"}}],\"inLanguage\":\"en-US\"},{\"@type\":\"Organization\",\"@id\":\"https:\\\/\\\/zeitschild.de\\\/en\\\/#organization\",\"name\":\"Zeitschild GmbH\",\"url\":\"https:\\\/\\\/zeitschild.de\\\/en\\\/\",\"logo\":{\"@type\":\"ImageObject\",\"inLanguage\":\"en-US\",\"@id\":\"https:\\\/\\\/zeitschild.de\\\/en\\\/#\\\/schema\\\/logo\\\/image\\\/\",\"url\":\"https:\\\/\\\/zeitschild.de\\\/wp-content\\\/uploads\\\/2019\\\/09\\\/Logo_Zeitschild_3c72.png\",\"contentUrl\":\"https:\\\/\\\/zeitschild.de\\\/wp-content\\\/uploads\\\/2019\\\/09\\\/Logo_Zeitschild_3c72.png\",\"width\":212,\"height\":45,\"caption\":\"Zeitschild GmbH\"},\"image\":{\"@id\":\"https:\\\/\\\/zeitschild.de\\\/en\\\/#\\\/schema\\\/logo\\\/image\\\/\"},\"sameAs\":[\"https:\\\/\\\/www.facebook.com\\\/zeitschild\\\/\",\"https:\\\/\\\/www.instagram.com\\\/zeitschild\\\/\",\"https:\\\/\\\/www.youtube.com\\\/channel\\\/UCMyKYFDf3bbeF_ozJ1UXpbw\"]}]}<\/script>\n<!-- \/ Yoast SEO plugin. -->","yoast_head_json":{"title":"K\u00f6rperpflege - Zeitschild","robots":{"index":"index","follow":"follow","max-snippet":"max-snippet:-1","max-image-preview":"max-image-preview:large","max-video-preview":"max-video-preview:-1"},"canonical":"https:\/\/zeitschild.de\/en\/koerperpflege\/","og_locale":"en_US","og_type":"article","og_title":"K\u00f6rperpflege - Zeitschild","og_description":"[vc_row thb_divider_position=&#8221;bottom&#8221;][vc_column][vc_empty_space mobile_height=&#8221;10px&#8221; height=&#8221;86px&#8221;][\/vc_column][\/vc_row][vc_row thb_divider_position=&#8221;bottom&#8221;][vc_column][vc_single_image image=&#8221;6940&#8243; img_size=&#8221;full&#8221; alignment=&#8221;center&#8221; css=&#8221;.vc_custom_1625471827394{margin-top: 15px !important;margin-bottom: 15px !important;}&#8221;][vc_empty_space mobile_height=&#8221;10px&#8221; height=&#8221;40px&#8221;][\/vc_column][\/vc_row][vc_row thb_divider_position=&#8221;bottom&#8221;][vc_column width=&#8221;1\/2&#8243;][vc_custom_heading text=&#8221;K\u00f6rperpflege&#8221; font_container=&#8221;tag:h1|font_size:36px|text_align:left&#8221; use_theme_fonts=&#8221;yes&#8221; el_id=&#8221;ueberschrift_h1&#8243;][vc_column_text] Die K\u00f6rperpflege Produkte von Zeitschild Skin Aesthetics lassen keine W\u00fcnsche f\u00fcr sch\u00f6ne und gesunde Haut offen. Insbesondere die Hautpflege f\u00fcr H\u00e4nde, Hals und Dekollet\u00e9 verleihen Ihnen den ganzen Tag ein jugendlich frisches Aussehen. Ihre&hellip;","og_url":"https:\/\/zeitschild.de\/en\/koerperpflege\/","og_site_name":"Zeitschild","article_publisher":"https:\/\/www.facebook.com\/zeitschild\/","twitter_card":"summary_large_image","twitter_misc":{"Est. reading time":"2 minutes"},"schema":{"@context":"https:\/\/schema.org","@graph":[{"@type":"WebPage","@id":"https:\/\/zeitschild.de\/en\/koerperpflege\/","url":"https:\/\/zeitschild.de\/en\/koerperpflege\/","name":"K\u00f6rperpflege - Zeitschild","isPartOf":{"@id":"https:\/\/zeitschild.de\/en\/#website"},"datePublished":"2020-11-24T13:09:54+00:00","breadcrumb":{"@id":"https:\/\/zeitschild.de\/en\/koerperpflege\/#breadcrumb"},"inLanguage":"en-US","potentialAction":[{"@type":"ReadAction","target":["https:\/\/zeitschild.de\/en\/koerperpflege\/"]}]},{"@type":"BreadcrumbList","@id":"https:\/\/zeitschild.de\/en\/koerperpflege\/#breadcrumb","itemListElement":[{"@type":"ListItem","position":1,"name":"Startseite","item":"https:\/\/zeitschild.de\/en\/"},{"@type":"ListItem","position":2,"name":"K\u00f6rperpflege"}]},{"@type":"WebSite","@id":"https:\/\/zeitschild.de\/en\/#website","url":"https:\/\/zeitschild.de\/en\/","name":"Zeitschild GmbH","description":"Hautpflege | Gesichtspflege | Tagescreme | Nachtcreme","publisher":{"@id":"https:\/\/zeitschild.de\/en\/#organization"},"potentialAction":[{"@type":"SearchAction","target":{"@type":"EntryPoint","urlTemplate":"https:\/\/zeitschild.de\/en\/?s={search_term_string}"},"query-input":{"@type":"PropertyValueSpecification","valueRequired":true,"valueName":"search_term_string"}}],"inLanguage":"en-US"},{"@type":"Organization","@id":"https:\/\/zeitschild.de\/en\/#organization","name":"Zeitschild GmbH","url":"https:\/\/zeitschild.de\/en\/","logo":{"@type":"ImageObject","inLanguage":"en-US","@id":"https:\/\/zeitschild.de\/en\/#\/schema\/logo\/image\/","url":"https:\/\/zeitschild.de\/wp-content\/uploads\/2019\/09\/Logo_Zeitschild_3c72.png","contentUrl":"https:\/\/zeitschild.de\/wp-content\/uploads\/2019\/09\/Logo_Zeitschild_3c72.png","width":212,"height":45,"caption":"Zeitschild GmbH"},"image":{"@id":"https:\/\/zeitschild.de\/en\/#\/schema\/logo\/image\/"},"sameAs":["https:\/\/www.facebook.com\/zeitschild\/","https:\/\/www.instagram.com\/zeitschild\/","https:\/\/www.youtube.com\/channel\/UCMyKYFDf3bbeF_ozJ1UXpbw"]}]}},"_links":{"self":[{"href":"https:\/\/zeitschild.de\/en\/wp-json\/wp\/v2\/pages\/7404","targetHints":{"allow":["GET"]}}],"collection":[{"href":"https:\/\/zeitschild.de\/en\/wp-json\/wp\/v2\/pages"}],"about":[{"href":"https:\/\/zeitschild.de\/en\/wp-json\/wp\/v2\/types\/page"}],"author":[{"embeddable":true,"href":"https:\/\/zeitschild.de\/en\/wp-json\/wp\/v2\/users\/1"}],"replies":[{"embeddable":true,"href":"https:\/\/zeitschild.de\/en\/wp-json\/wp\/v2\/comments?post=7404"}],"version-history":[{"count":0,"href":"https:\/\/zeitschild.de\/en\/wp-json\/wp\/v2\/pages\/7404\/revisions"}],"wp:attachment":[{"href":"https:\/\/zeitschild.de\/en\/wp-json\/wp\/v2\/media?parent=7404"}],"curies":[{"name":"wp","href":"https:\/\/api.w.org\/{rel}","templated":true}]}}